{"id":81,"date":"2020-11-17T16:48:16","date_gmt":"2020-11-17T16:48:16","guid":{"rendered":"https:\/\/www.jakub.sk\/wp\/?page_id=81"},"modified":"2020-11-28T14:28:46","modified_gmt":"2020-11-28T14:28:46","slug":"naucny-chodnik-jakub","status":"publish","type":"page","link":"https:\/\/www.jakub.sk\/wp\/naucny-chodnik-jakub\/","title":{"rendered":"N\u00e1u\u010dn\u00fd chodn\u00edk Jakub"},"content":{"rendered":"\n<p class=\"has-text-align-left\">P\u00f4vodn\u00fd n\u00e1u\u010dn\u00fd chodn\u00edk v tejto lokalite, otvoren\u00fd v roku 1984, bol v\u00fdsledkom spolo\u010dnej pr\u00e1ce Okresn\u00e9ho v\u00fdboru Slovensk\u00e9ho zv\u00e4zu ochrancov pr\u00edrody a krajiny a Spr\u00e1vy N\u00e1rodn\u00e9ho parku N\u00edzke Tatry. V\u010faka svojej bl\u00edzkosti k mestu Bansk\u00e1 Bystrica a dobrej dopravnej dostupnosti, bol \u010dasto vyu\u017e\u00edvan\u00fd hlavne \u0161kolami a obyvate\u013emi mesta. V\u010faka vysokej pr\u00edrodnej hodnote \u00fazemia bol Jakub v roku 1999 vyhl\u00e1sen\u00fd za chr\u00e1nen\u00fd are\u00e1l. Vysok\u00e1 biologick\u00e1 diverzita \u00fazemia je tie\u017e d\u00f4vodom zaradenia chr\u00e1nen\u00e9ho are\u00e1lu a jeho okolia do siete NATURA 2000 ako \u00dazemie eur\u00f3pskeho v\u00fdznamu Baranovo. Z tohoto d\u00f4vodu bola pripraven\u00e1 zmena obsahovej n\u00e1plne n\u00e1u\u010dn\u00e9ho chodn\u00edka, ktor\u00e1 bola zrealizovan\u00e1 v roku 2004 v\u010faka finan\u010dnej Britsk\u00e9ho ministerstva pre \u017eivotn\u00e9 prostredie, potravin\u00e1rstvo a z\u00e1le\u017eitosti vidieka (DEFRA). Boli osaden\u00e9 nov\u00e9 tabule n\u00e1u\u010dn\u00e9ho chodn\u00edka a aktualiz\u00e1ciou pre\u0161li nielen inform\u00e1cie na paneloch, ale nov\u00fd \u0161at dostal aj Sprievodca po n\u00e1u\u010dnom chodn\u00edku.<\/p>\n\n\n\n<figure class=\"wp-block-image size-large is-style-default\"><img loading=\"lazy\" width=\"800\" height=\"600\" src=\"https:\/\/www.jakub.sk\/wp\/wp-content\/uploads\/2020\/11\/Jakub_i.jpg\" alt=\"\" class=\"wp-image-93\" srcset=\"https:\/\/www.jakub.sk\/wp\/wp-content\/uploads\/2020\/11\/Jakub_i.jpg 800w, https:\/\/www.jakub.sk\/wp\/wp-content\/uploads\/2020\/11\/Jakub_i-300x225.jpg 300w, https:\/\/www.jakub.sk\/wp\/wp-content\/uploads\/2020\/11\/Jakub_i-768x576.jpg 768w, https:\/\/www.jakub.sk\/wp\/wp-content\/uploads\/2020\/11\/Jakub_i-140x105.jpg 140w\" sizes=\"(max-width: 800px) 100vw, 800px\" \/><\/figure>\n\n\n<a href=\"https:\/\/www.jakub.sk\/wp\/wp-content\/uploads\/2020\/11\/Sprievodca_jakub_onscreen-1.pdf\" class=\"pdfemb-viewer\" style=\"\" data-width=\"max\" data-height=\"max\"  data-toolbar=\"bottom\" data-toolbar-fixed=\"off\">Sprievodca_jakub_onscreen-1<br\/><\/a>\n<p class=\"wp-block-pdfemb-pdf-embedder-viewer\"><\/p>\n\n\n\n<p>Zdroj: <a href=\"http:\/\/napant.sopsr.sk\/naucny-chodnik-jakub-tip-na-vylet\/\" target=\"_blank\" rel=\"noreferrer noopener\">http:\/\/napant.sopsr.sk\/naucny-chodnik-jakub-tip-na-vylet\/<\/a><\/p>\n","protected":false},"excerpt":{"rendered":"<p>P\u00f4vodn\u00fd n\u00e1u\u010dn\u00fd chodn\u00edk v tejto lokalite, otvoren\u00fd v roku 1984, bol v\u00fdsledkom spolo\u010dnej pr\u00e1ce Okresn\u00e9ho v\u00fdboru Slovensk\u00e9ho zv\u00e4zu ochrancov pr\u00edrody a krajiny a Spr\u00e1vy N\u00e1rodn\u00e9ho parku N\u00edzke Tatry. V\u010faka svojej&hellip;<\/p>\n","protected":false},"author":1,"featured_media":0,"parent":0,"menu_order":0,"comment_status":"closed","ping_status":"closed","template":"","meta":[],"_links":{"self":[{"href":"https:\/\/www.jakub.sk\/wp\/wp-json\/wp\/v2\/pages\/81"}],"collection":[{"href":"https:\/\/www.jakub.sk\/wp\/wp-json\/wp\/v2\/pages"}],"about":[{"href":"https:\/\/www.jakub.sk\/wp\/wp-json\/wp\/v2\/types\/page"}],"author":[{"embeddable":true,"href":"https:\/\/www.jakub.sk\/wp\/wp-json\/wp\/v2\/users\/1"}],"replies":[{"embeddable":true,"href":"https:\/\/www.jakub.sk\/wp\/wp-json\/wp\/v2\/comments?post=81"}],"version-history":[{"count":5,"href":"https:\/\/www.jakub.sk\/wp\/wp-json\/wp\/v2\/pages\/81\/revisions"}],"predecessor-version":[{"id":134,"href":"https:\/\/www.jakub.sk\/wp\/wp-json\/wp\/v2\/pages\/81\/revisions\/134"}],"wp:attachment":[{"href":"https:\/\/www.jakub.sk\/wp\/wp-json\/wp\/v2\/media?parent=81"}],"curies":[{"name":"wp","href":"https:\/\/api.w.org\/{rel}","templated":true}]}}